{"id":114302,"date":"2024-10-09T10:47:36","date_gmt":"2024-10-09T08:47:36","guid":{"rendered":"https:\/\/www.rmv-nederland.nl\/speaker\/jan-van-derck-van-karnebeek\/"},"modified":"2024-11-13T11:16:41","modified_gmt":"2024-11-13T10:16:41","slug":"jan-van-derck-van-karnebeek","status":"publish","type":"guest","link":"https:\/\/www.rmv-nederland.nl\/de\/speaker\/jan-van-derck-van-karnebeek\/","title":{"rendered":"Jan van Derck van Karnebeek"},"content":{"rendered":"\n<p>Jan Derck van Karnebeek, CEO von FrieslandCampina, wird von 10:45 bis 11:10 Uhr seine Erkenntnisse \u00fcber die Entwicklungen auf dem Milchmarkt teilen. W\u00e4hrend seines Vortrags er\u00f6rtert er, wie FrieslandCampina auf die sich \u00e4ndernde Nachfrage reagiert und welche Strategien das Unternehmen anwendet. Au\u00dferdem bietet er Unternehmern praktische Lektionen an, wie sie auf diese Trends reagieren k\u00f6nnen, damit sie ihre Gesch\u00e4ftsabl\u00e4ufe optimieren und sich auf die Zukunft der Milchwirtschaft vorbereiten k\u00f6nnen.<\/p>\n","protected":false},"excerpt":{"rendered":"<p>Jan Derck van Karnebeek, CEO von FrieslandCampina, wird von 10:45 bis 11:10 Uhr seine Erkenntnisse \u00fcber die Entwicklungen auf dem Milchmarkt teilen. W\u00e4hrend seines Vortrags er\u00f6rtert er, wie FrieslandCampina auf die sich \u00e4ndernde Nachfrage reagiert und welche Strategien das Unternehmen anwendet. Au\u00dferdem bietet er Unternehmern praktische Lektionen an, wie sie auf diese Trends reagieren k\u00f6nnen, [&hellip;]<\/p>\n","protected":false},"featured_media":119417,"template":"","meta":{"_seopress_robots_primary_cat":"","_seopress_titles_title":"","_seopress_titles_desc":"","_seopress_robots_index":"","_company_name":"FrieslandCampina","_job_title":"CEO","_visit_me":"","_email":"","_linkedin":"","_twitter":"","_facebook":"","_instagram":"","_youtube":"","_imdb":"","footnotes":""},"edition":[],"guest_type":[],"work":[],"class_list":["post-114302","guest","type-guest","status-publish","has-post-thumbnail","hentry"],"_cover_image":{"href":"https:\/\/www.rmv-nederland.nl\/de\/wp-json\/wp\/v2\/media\/119416"},"_links":{"self":[{"href":"https:\/\/www.rmv-nederland.nl\/de\/wp-json\/wp\/v2\/guest\/114302","targetHints":{"allow":["GET"]}}],"collection":[{"href":"https:\/\/www.rmv-nederland.nl\/de\/wp-json\/wp\/v2\/guest"}],"about":[{"href":"https:\/\/www.rmv-nederland.nl\/de\/wp-json\/wp\/v2\/types\/guest"}],"version-history":[{"count":1,"href":"https:\/\/www.rmv-nederland.nl\/de\/wp-json\/wp\/v2\/guest\/114302\/revisions"}],"predecessor-version":[{"id":114303,"href":"https:\/\/www.rmv-nederland.nl\/de\/wp-json\/wp\/v2\/guest\/114302\/revisions\/114303"}],"wp:featuredmedia":[{"embeddable":true,"href":"https:\/\/www.rmv-nederland.nl\/de\/wp-json\/wp\/v2\/media\/119417"}],"wp:attachment":[{"href":"https:\/\/www.rmv-nederland.nl\/de\/wp-json\/wp\/v2\/media?parent=114302"}],"wp:term":[{"taxonomy":"edition","embeddable":true,"href":"https:\/\/www.rmv-nederland.nl\/de\/wp-json\/wp\/v2\/edition?post=114302"},{"taxonomy":"guest_type","embeddable":true,"href":"https:\/\/www.rmv-nederland.nl\/de\/wp-json\/wp\/v2\/guest_type?post=114302"},{"taxonomy":"work","embeddable":true,"href":"https:\/\/www.rmv-nederland.nl\/de\/wp-json\/wp\/v2\/work?post=114302"}],"curies":[{"name":"wp","href":"https:\/\/api.w.org\/{rel}","templated":true}]}}